{"id":219,"date":"2021-10-06T17:34:55","date_gmt":"2021-10-06T14:34:55","guid":{"rendered":"https:\/\/www.vehkalahdenveikot.fi\/kll2021\/?page_id=219"},"modified":"2021-10-06T17:35:00","modified_gmt":"2021-10-06T14:35:00","slug":"kilpailunjohtajan-tervehdys","status":"publish","type":"page","link":"https:\/\/www.vehkalahdenveikot.fi\/kll2021\/kilpailunjohtajan-tervehdys\/","title":{"rendered":"Kilpailunjohtajan tervehdys"},"content":{"rendered":"\n<h2 class=\"wp-block-heading\">KOLMAS KERTA TODEN SANOO!<\/h2>\n\n\n\n<p>Vihdonkin on k\u00e4sill\u00e4 pitk\u00e4\u00e4n odotettu suunnistustapahtuma Koululiikuntaliiton suunnistusmestaruuskilpailut. Tapahtuma piti alunperin j\u00e4rjest\u00e4\u00e4 jo elokuussa 2020, mutta kuten tiedet\u00e4\u00e4n maailman laajuinen pandemia pakotti siirt\u00e4m\u00e4\u00e4n kilpailut vuodella eteenp\u00e4in, eli elokuun 2021 loppuun. Kun tapahtumaan oli aikaa parisen viikkoa, jouduimme j\u00e4lleen pahentuneen covid19-tilanteen vuoksi siirt\u00e4m\u00e4\u00e4n kilpailuja kuukaudella eteenp\u00e4in.\u00a0<\/p>\n\n\n\n<p>T\u00e4m\u00e4 kannatti ja nyt voimme jo hyvill\u00e4 mielin ja terveysturvallisesti j\u00e4rjest\u00e4\u00e4 kaikille lapsille ja nuorille heid\u00e4n n\u00e4k\u00f6isens\u00e4 ja arvokkaan suunnistustapahtuman.<\/p>\n\n\n\n<p>Kilpailun ajankohta on tavanomaisesta poikkeava ja syksyinen, osittain lehdet\u00f6n maisema tuo omanlaisen elementin suunnistusteht\u00e4viin. Vihre\u00e4 alue kartalla ei olekaan niin vihre\u00e4\u00e4 maastossa ja t\u00e4m\u00e4 tullee vaikuttamaan reitinvalintoihin. Muistettavaa on my\u00f6s pukeutuminen s\u00e4\u00e4n edellytt\u00e4m\u00e4ll\u00e4 tavalla ja riitt\u00e4v\u00e4ll\u00e4 vaatem\u00e4\u00e4r\u00e4ll\u00e4, jotta ei tule j\u00e4lkiseuraamuksia ja jokainen voi viel\u00e4 osallistua terveen\u00e4 loppusyksyn kilpailuihin.<\/p>\n\n\n\n<p>KLL:n kilpailut ovat jatkumoa j\u00e4rjest\u00e4v\u00e4n seuran, Vehkalahden Veikkojen, juhlavuodelle, kun 110-vuotias seura j\u00e4rjesti pari viikkoa sitten l\u00e4hes naapurimaastossa SM-y\u00f6 -kilpailun. N\u00e4it\u00e4 kahta suunnistustapahtumaa voidaan pit\u00e4\u00e4 juhlivan seuran p\u00e4\u00e4tapahtumina ja ne ovat oiva osoitus siit\u00e4, ett\u00e4 talkoilla voidaan edelleen j\u00e4rjest\u00e4\u00e4 hyv\u00e4t kilpailut ja lyhyen ajan v\u00e4lein. Iso hatunnosto talkoolaisille, teid\u00e4n isolla ty\u00f6ll\u00e4 voidaan tapahtumia j\u00e4rjest\u00e4\u00e4. Unohtamatta yhteisty\u00f6kumppaneita, teid\u00e4n mukana olo mahdollistaa osaltaan kilpailun j\u00e4rjest\u00e4misen.<\/p>\n\n\n\n<p>Kiitos kuuluu my\u00f6s maanomistajille, jotka ovat antaneet mets\u00e4ns\u00e4 suunnistajien k\u00e4ytt\u00f6\u00f6n. KIITOS.<\/p>\n\n\n\n<p>Onnistuneen tapahtuman keski\u00f6ss\u00e4 olette te, itse suunnistajat ja toivon n\u00e4kev\u00e4ni tulevana kahtena p\u00e4iv\u00e4n\u00e4 iloisia ilmeit\u00e4, paljon onnistumisia, yhteist\u00e4 tekemist\u00e4 ja yhteiseen hiileen puhaltamista. Toki varmaan pettymyksenkin tunteita tulee, mutta yhteishengell\u00e4 ne voidaan k\u00e4\u00e4nt\u00e4\u00e4 opiksi ja t\u00e4rke\u00e4ksi kokemukseksi tulevaisuutta ajatellen.<\/p>\n\n\n\n<p>Olette siis tervetulleita suunnistaan Haminaan, maailmanluokan pikkukaupunkiin.<\/p>\n\n\n\n<p>Haminassa 6.10.2021<\/p>\n\n\n\n<p>Annika Takanen<\/p>\n","protected":false},"excerpt":{"rendered":"<p>KOLMAS KERTA TODEN SANOO! Vihdonkin on k\u00e4sill\u00e4 pitk\u00e4\u00e4n odotettu suunnistustapahtuma Koululiikuntaliiton suunnistusmestaruuskilpailut. Tapahtuma piti alunperin j\u00e4rjest\u00e4\u00e4 jo elokuussa 2020, mutta kuten tiedet\u00e4\u00e4n maailman laajuinen pandemia pakotti siirt\u00e4m\u00e4\u00e4n kilpailut vuodella eteenp\u00e4in, eli elokuun 2021 loppuun.&#46;&#46;&#46;<\/p>\n","protected":false},"author":2,"featured_media":0,"parent":0,"menu_order":0,"comment_status":"closed","ping_status":"closed","template":"","meta":{"ngg_post_thumbnail":0,"footnotes":""},"class_list":["post-219","page","type-page","status-publish","hentry"],"_links":{"self":[{"href":"https:\/\/www.vehkalahdenveikot.fi\/kll2021\/wp-json\/wp\/v2\/pages\/219","targetHints":{"allow":["GET"]}}],"collection":[{"href":"https:\/\/www.vehkalahdenveikot.fi\/kll2021\/wp-json\/wp\/v2\/pages"}],"about":[{"href":"https:\/\/www.vehkalahdenveikot.fi\/kll2021\/wp-json\/wp\/v2\/types\/page"}],"author":[{"embeddable":true,"href":"https:\/\/www.vehkalahdenveikot.fi\/kll2021\/wp-json\/wp\/v2\/users\/2"}],"replies":[{"embeddable":true,"href":"https:\/\/www.vehkalahdenveikot.fi\/kll2021\/wp-json\/wp\/v2\/comments?post=219"}],"version-history":[{"count":1,"href":"https:\/\/www.vehkalahdenveikot.fi\/kll2021\/wp-json\/wp\/v2\/pages\/219\/revisions"}],"predecessor-version":[{"id":221,"href":"https:\/\/www.vehkalahdenveikot.fi\/kll2021\/wp-json\/wp\/v2\/pages\/219\/revisions\/221"}],"wp:attachment":[{"href":"https:\/\/www.vehkalahdenveikot.fi\/kll2021\/wp-json\/wp\/v2\/media?parent=219"}],"curies":[{"name":"wp","href":"https:\/\/api.w.org\/{rel}","templated":true}]}}