{"id":16,"date":"2020-01-05T14:36:26","date_gmt":"2020-01-05T12:36:26","guid":{"rendered":"https:\/\/www.vehkalahdenveikot.fi\/kll2020\/?page_id=16"},"modified":"2021-09-27T21:07:44","modified_gmt":"2021-09-27T18:07:44","slug":"kilpailijat","status":"publish","type":"page","link":"https:\/\/www.vehkalahdenveikot.fi\/kll2021\/kilpailijat\/","title":{"rendered":"Kilpailukutsu"},"content":{"rendered":"\n<h2 class=\"wp-block-heading\"><strong>Kilpailukutsu<\/strong><\/h2>\n\n\n\n<p><strong> <\/strong><\/p>\n\n\n\n<p>Koululiikuntaliiton suunnistusmestaruuskilpailut j\u00e4rjestet\u00e4\u00e4n 8.\u20139.10.2021 Haminassa. Kilpailuun voi ilmoittautua 1.8.2021 alkaen <a href=\"http:\/\/www.hiihdonystavat.net\/kll\/\">http:\/\/www.hiihdonystavat.net\/kll\/<\/a>. Viimeinen ilmoittautumisp\u00e4iv\u00e4 on 29.9.2021.<\/p>\n\n\n\n<h3 class=\"wp-block-heading\"><strong>Osallistumisoikeus<\/strong><\/h3>\n\n\n\n<p>Kilpailuun voivat osallistua kaikki peruskoulujen, lukioiden ja ammatillisten oppilaitosten oppilaat.<\/p>\n\n\n\n<p>Yl\u00e4ik\u00e4raja on 20 vuotta (s.2001). Oppilas edustaa sit\u00e4 kuntaa tai sen kunnan joukkuetta, jossa h\u00e4n k\u00e4y koulua. Kilpailuoikeus on osanottomaksun suorittaneilla. Jokaisella kunnalla on oltava mukana ennalta nimetty t\u00e4ysi-ik\u00e4inen huoltajana yhteystietoineen.<\/p>\n\n\n\n<h3 class=\"wp-block-heading\"><strong>Henkil\u00f6kohtainen kilpailu perjantaina 8.10.2021<\/strong><\/h3>\n\n\n\n<p>Sarjat:<\/p>\n\n\n\n<ul class=\"wp-block-list\"><li>H9RR, H10RR, H11TR, H12, H13, H14, H15, H16, H17 ja H20<\/li><li>D9RR, D10RR, D11TR, D12, D13, D14, D15, D16, D17 ja D20<\/li><\/ul>\n\n\n\n<p>Erityislapset voivat osallistua kilpailuun itsen\u00e4isesti tai saattajan kanssa.<\/p>\n\n\n\n<h3 class=\"wp-block-heading\"><strong>Viestikilpailu lauantaina 9.10.2021<\/strong><\/h3>\n\n\n\n<ul class=\"wp-block-list\"><li>A-sarja H\/D13<\/li><li>B-sarja H\/D15<\/li><li>C-sarja H\/D20<\/li><li>D-sarja sekasarja (yksi A-, B- ja C-sarjalainen)<\/li><li>E-sarja (1. ja 2. osuus H\/D10RR, 3. osuus H\/D11TR)<\/li><\/ul>\n\n\n\n<p>A-sarjaan saavat osallistua vuonna 2021 13 vuotta t\u00e4ytt\u00e4v\u00e4t ja nuoremmat (s. 2008 tai my\u00f6h.)<br>B-sarjaan saavat osallistua vuonna 2021 15 vuotta t\u00e4ytt\u00e4v\u00e4t ja nuoremmat (s. 2006 tai my\u00f6h.)<br>C-sarjaan saavat osallistua vuonna 2021 20 vuotta t\u00e4ytt\u00e4v\u00e4t ja nuoremmat. (s. 2001 tai my\u00f6h.)<\/p>\n\n\n\n<p>Joukkueessa on kolme kilpailijaa. Jokaisessa joukkueessa on oltava v\u00e4hint\u00e4\u00e4n yksi tytt\u00f6 ja yksi poika. Viestiss\u00e4 nuorempi voi osallistua vanhempaan sarjaan.<\/p>\n\n\n\n<p>Joukkue on kuntajoukkue. Suunnistaja edustaa sen kunnan joukkuetta, miss\u00e4 h\u00e4n k\u00e4y koulua. Kuntien yhdistelm\u00e4joukkueet kilpailevat varsinaisen kilpailun ulkopuolella.<\/p>\n\n\n\n<h3 class=\"wp-block-heading\"><strong>Ilmoittautuminen<\/strong><\/h3>\n\n\n\n<p>Ilmoittautumisj\u00e4rjestelm\u00e4<strong> <\/strong>avautuu 1.8.2021 alkaen <a href=\"http:\/\/www.hiihdonystavat.net\/kll\/\">http:\/\/www.hiihdonystavat.net\/kll\/<\/a>. Viimeinen ilmoittautumisp\u00e4iv\u00e4 on 29.9.2021.<\/p>\n\n\n\n<p>Ilmoittautumiset henkil\u00f6kohtaiseen ja viestikilpailuun tulee tehd\u00e4 kuntakohtaisesti. Ilmoittautumisen yhteydess\u00e4 valitaan majoitus- ja ruokailupaketit sek\u00e4 ilmoitetaan henkil\u00f6kohtaisen kilpailun Emit-kortin numero.<\/p>\n\n\n\n<p>Kilpailijoille, joille ei ole ilmoitettu emit-numeroa, varataan vuokrakortti, jonka voi noutaa kilpailukeskuksen infosta. Vuokrakorttia voi k\u00e4ytt\u00e4\u00e4 sek\u00e4 henkil\u00f6kohtaisessa kilpailussa ett\u00e4 viestiss\u00e4.<\/p>\n\n\n\n<p>Henkil\u00f6kohtaisen kilpailun Emit-numeroiden muutoksista tulee ilmoittaa torstai-iltaan 7.10.2021 menness\u00e4 osoitteeseen <a>timoharju@kymp.net<\/a><\/p>\n\n\n\n<p>Viestin Emit-numeroita ei ilmoiteta ilmoittautumispalvelussa. Samaa Emit-korttia voi k\u00e4ytt\u00e4\u00e4 vain kerran saman p\u00e4iv\u00e4n aikana.<\/p>\n\n\n\n<p>Viestikilpailun juoksuj\u00e4rjestykset on ilmoitettava pe 8.10.2021 klo 18:00 ilmoittautumispalvelun kautta. J\u00e4lki-ilmoittautumisia otetaan vastaan ainoastaan kuntien yhdistelm\u00e4joukkueilta.<\/p>\n\n\n\n<h3 class=\"wp-block-heading\"><strong>Kilpailumaksut<\/strong><\/h3>\n\n\n\n<ul class=\"wp-block-list\"><li>Osanottomaksu henkil\u00f6kohtaisessa kilpailussa on 16 \u20ac \/kilpailija<\/li><li>Osanottomaksu viestiss\u00e4 on 28 \u20ac \/joukkue<\/li><li>Emit-vuokra on 5 \u20ac \/kortti. Palauttamattomasta tai vaurioituneesta emit-kortista veloitetaan 75 \u20ac.<\/li><\/ul>\n\n\n\n<h3 class=\"wp-block-heading\"><strong>Ruokailu- ja majoitusmaksut<\/strong><\/h3>\n\n\n\n<ul class=\"wp-block-list\"><li>Aamu- ja iltapala: ennakkoon ostettuna 5 \u20ac\/ ateria, tai 6 \u20ac\/ ateria erikseen kisap\u00e4iv\u00e4n\u00e4 ostettuna<\/li><li>Lounas ja p\u00e4iv\u00e4llinen: ennakkoon ostettuna 9,50 \u20ac \/ateria, tai 11 \u20ac\/ ateria erikseen kisap\u00e4iv\u00e4n\u00e4 ostettuna<\/li><li>Ateriapaketti 1: ennakkoon ostettuna 40 \u20ac (sis. 2 aamupalaa, 2 iltapalaa, 2 lounasta ja 1 p\u00e4iv\u00e4llinen)<\/li><li>Ateriapaketti 2: ennakkoon ostettuna 34 \u20ac (sis. 1 aamupala, 1 iltapala, 2 lounasta ja 1 p\u00e4iv\u00e4llinen)<\/li><li>Matkaev\u00e4spaketti 5 \u20ac kpl (ei kuulu ateriapakettiin), ostettava ennakkoon<\/li><li>Koulumajoitusmaksu 10 \u20ac\/henkil\u00f6\/y\u00f6<\/li><\/ul>\n\n\n\n<h3 class=\"wp-block-heading\"><strong>Maksujen suoritus<\/strong><\/h3>\n\n\n\n<p>Kaikki maksut on suoritettava ilmoittautumisen yhteydess\u00e4 ilmoittautumispalvelusta saatavalla viitenumerolla Vehkalahden Veikkojen tilille FI38 5506 0020 0042 79.<\/p>\n\n\n\n<p>Kaikkien kunnan osanotto- ruokailu ja koulumajoitusmaksujen on oltava todistetusti maksettuja ennen kilpailua tai osanotto-oikeus ev\u00e4t\u00e4\u00e4n.<\/p>\n\n\n\n<h3 class=\"wp-block-heading\"><strong>Opastus ja pys\u00e4k\u00f6inti<\/strong><\/h3>\n\n\n\n<p>Tapahtumakeskus on Ruissalon liikunta-, urheilu- ja koulukeskus, osoite Ruissalontie 12, Hamina. T\u00e4\u00e4ll\u00e4 tapahtuu kaikki ruokailut ja majoittuminen.<\/p>\n\n\n\n<p>Opastus tapahtumakeskukseen etel\u00e4st\u00e4 VT26\/Vanhan Viipurintien kiertoliittym\u00e4 sek\u00e4 pohjoisesta VT26\/Suokalliontien kiertoliittym\u00e4. Molemmista ajoaika on n. 5 min.<\/p>\n\n\n\n<h3 class=\"wp-block-heading\"><strong>Kilpailukeskukset<\/strong><\/h3>\n\n\n\n<p>Kilpailukeskuksia on kaksi, henkil\u00f6kohtaiselle kilpailulle ja viestille kummallekin omansa.<\/p>\n\n\n\n<p>Henkil\u00f6kohtaisen kilpailun kilpailukeskus sijaitsee k\u00e4velyet\u00e4isyydell\u00e4 tapahtumakeskuksesta, et\u00e4isyys enint\u00e4\u00e4n 1,2 km.&nbsp;<\/p>\n\n\n\n<p>Viestin kilpailukeskus sijaitsee tapahtumakeskuksen v\u00e4litt\u00f6m\u00e4ss\u00e4 l\u00e4heisyydess\u00e4.<\/p>\n\n\n\n<h3 class=\"wp-block-heading\"><strong>L\u00e4hd\u00f6t<\/strong><\/h3>\n\n\n\n<p>Henkil\u00f6kohtaisessa kilpailussa ensimm\u00e4inen l\u00e4ht\u00f6 on perjantaina 8.10.2021 klo 12:00.<\/p>\n\n\n\n<ul class=\"wp-block-list\"><li>L\u00e4ht\u00f6 1 alustavasti 1,6 km<\/li><li>L\u00e4ht\u00f6 2 alustavasti 0,8 km<\/li><\/ul>\n\n\n\n<p>Matkat l\u00e4ht\u00f6ihin tarkennetaan kilpailuohjeissa.<\/p>\n\n\n\n<p>Viestikilpailun l\u00e4hd\u00f6t ovat kilpailukeskuksesta lauantaina 9.10.2021 porrastetusti klo 10:00 alkaen.&nbsp;<\/p>\n\n\n\n<h3 class=\"wp-block-heading\"><strong>Kilpailukartta ja leimaus<\/strong><\/h3>\n\n\n\n<p>Kartta on p\u00e4ivitetty 07\/2021. K\u00e4yr\u00e4v\u00e4li 5 m, Tulostus 08\/2021. Kartta on muovikotelossa.<\/p>\n\n\n\n<p>Henkil\u00f6kohtaisessa kilpailussa RR \/ TR sek\u00e4 H\/D 12 -sarjoissa kartan mittakaava on 1:7500, muissa sarjoissa 1:10 000. Kartan koko on A5 tai A4.<\/p>\n\n\n\n<p>Viestikilpailussa mittakaava on RR- ja TR-radoilla 1:7500, muilla 1: 10&nbsp;000. Kartan koko A5 tai A4.<\/p>\n\n\n\n<p>Emit-leimaus kaikissa sarjoissa.<\/p>\n\n\n\n<h3 class=\"wp-block-heading\"><strong>Pukeutuminen ja pesu<\/strong><\/h3>\n\n\n\n<p>Peseytymismahdollisuus on tapahtumakeskuksessa sijaitsevilla liikuntahallilla ja j\u00e4\u00e4hallilla.<\/p>\n\n\n\n<h3 class=\"wp-block-heading\"><strong>Majoitus ja ruokailut<\/strong><\/h3>\n\n\n\n<p>P\u00e4\u00e4majoituskouluna toimiva <a href=\"http:\/\/www.vehkalahdenveikot.fi\/kll2021\/wp-content\/uploads\/sites\/4\/2021\/08\/Vehkalahden-koulu-1.jpg\">Vehkalahden koulu<\/a> sijaitsee tapahtumakeskuksessa. Lis\u00e4tiloja majoitukselle on saatu viereisest\u00e4  alakoulusta , liikuntahallista sek\u00e4 2 km:n p\u00e4\u00e4ss\u00e4 olevasta  toisesta liikuntahallista. Majoituskapasiteetin lis\u00e4yksell\u00e4 on pyritty saamaan majoittuminen mahdollisimman v\u00e4lj\u00e4ksi.<\/p>\n\n\n\n<p>Aamiainen, iltapala ja p\u00e4iv\u00e4llinen tarjoillaan majoituskoululla, miss\u00e4 jaetaan my\u00f6s ennakolta tilatut matkaev\u00e4\u00e4t. Kilpailukeskuksissa ei ole ruokailua mutta on takeaway-ravintola.<\/p>\n\n\n\n<h3 class=\"wp-block-heading\"><strong>Info<\/strong><\/h3>\n\n\n\n<p>Infon aukioloajat l\u00f6ytyv\u00e4t kilpailujen nettisivulta l\u00e4hemp\u00e4n\u00e4 kilpailua.&nbsp;<br>Infon s\u00e4hk\u00f6posti: <a>eeta.lonka@vehkalahdenveikot.fi<\/a>&nbsp;<\/p>\n\n\n\n<p>Tiedustelut ennen kilpailua my\u00f6s: <a>anniina.heikkinen@vehkalahdenveikot.fi<\/a> .<\/p>\n\n\n\n<h3 class=\"wp-block-heading\"><strong>Palkintojenjako ja kisadisko<\/strong><\/h3>\n\n\n\n<p>Sarjan parhaat palkitaan KLL:n mestaruusmitaleilla ja kunniapalkinnoin. Palkittavien m\u00e4\u00e4r\u00e4t ja tavat selvi\u00e4v\u00e4t kilpailuohjeista.<\/p>\n\n\n\n<p>Henkil\u00f6kohtaisen kilpailun palkintojenjako suoritetaan tapahtumakeskuksessa kilpailun j\u00e4lkeen iltap\u00e4iv\u00e4ll\u00e4.<\/p>\n\n\n\n<p>Viestin palkintojenjako tapahtuu kilpailukeskuksessa lauantaina 9.10. tulosten selvitty\u00e4.<\/p>\n\n\n\n<p>Kisadiskoa ei j\u00e4rjestet\u00e4 koronatilanteesta johtuen.&nbsp;<\/p>\n\n\n\n<h3 class=\"wp-block-heading\"><strong>L\u00e4ht\u00f6ajat ja tulokset<\/strong><\/h3>\n\n\n\n<p>Henkil\u00f6kohtaisen kilpailun l\u00e4ht\u00f6ajat ja kilpailun tulokset julkaistaan osoitteessa <a href=\"http:\/\/www.vehkalahdenveikot.fi\/\">www.vehkalahdenveikot.fi<\/a> ja tulokset my\u00f6s Koululiikuntaliiton sivulla kisojen j\u00e4lkeen.<\/p>\n\n\n\n<h3 class=\"wp-block-heading\"><strong>Vakuutus<\/strong><\/h3>\n\n\n\n<p>Koululiikuntaliitto on vakuuttanut kilpailijat OP-Pohjolassa kilpailujen ajaksi.<\/p>\n\n\n\n<h3 class=\"wp-block-heading\"><strong>Kuvaus<\/strong><\/h3>\n\n\n\n<p>Kilpailut ovat julkisia tapahtumia, joista j\u00e4rjest\u00e4j\u00e4 tekee julkaistavaa mediasis\u00e4lt\u00f6\u00e4.<\/p>\n\n\n\n<h3 class=\"wp-block-heading\"><strong>Toimihenkil\u00f6t<\/strong><\/h3>\n\n\n\n<p><strong>Kilpailunjohtaja<\/strong> Annika Takanen, p. 040 527 1666, &nbsp;<a href=\"mailto:annika.takanen@vehkalahdenveikot.fi\">annika.takanen@vehkalahdenveikot.fi<\/a><\/p>\n\n\n\n<p><strong>P\u00e4\u00e4sihteeri<\/strong> Anniina Heikkinen, p. 050&nbsp;385 2453, <a>anniina.heikkinen@vehkalahdenveikot.fi<\/a>&nbsp;&nbsp;&nbsp;<\/p>\n\n\n\n<p><strong>Ratamestarit<\/strong> Simo Suutari, Jenna Niinisalo (henkil\u00f6kohtainen kilpailu),<\/p>\n\n\n\n<p>Ari Heinola (viestit)<\/p>\n\n\n\n<p><strong>Ratavalvoja<\/strong> Visa Sippu (Inkeroisten Terho)<\/p>\n\n\n\n<p><strong>Tulospalvelu<\/strong> Timo Harju, p. 044&nbsp;565 1983, <a>timoharju@kymp.net<\/a>&nbsp;&nbsp;&nbsp;<\/p>\n\n\n\n<p><strong>TA<\/strong> Pauli Nokelainen (Keuruun Kisailijat), p. 040&nbsp;706 1344,&nbsp; <a>pauli.nokelainen@<\/a>gmail.com<\/p>\n\n\n\n<p><strong>KLL vastuuhenkil\u00f6<\/strong> Terho Tomperi, p. 050&nbsp;551 42498, &nbsp;<a>terho.tomperi@kll.fi<\/a>&nbsp;&nbsp;&nbsp;&nbsp;&nbsp;&nbsp;<\/p>\n\n\n\n<p><\/p>\n\n\n\n<p><strong>Tervetuloa Haminaan! Vehkalahden Veikot<\/strong><\/p>\n\n\n\n<p><\/p>\n","protected":false},"excerpt":{"rendered":"<p>Kilpailukutsu Koululiikuntaliiton suunnistusmestaruuskilpailut j\u00e4rjestet\u00e4\u00e4n 8.\u20139.10.2021 Haminassa. Kilpailuun voi ilmoittautua 1.8.2021 alkaen http:\/\/www.hiihdonystavat.net\/kll\/. Viimeinen ilmoittautumisp\u00e4iv\u00e4 on 29.9.2021. Osallistumisoikeus Kilpailuun voivat osallistua kaikki peruskoulujen, lukioiden ja ammatillisten oppilaitosten oppilaat. Yl\u00e4ik\u00e4raja on 20 vuotta (s.2001). Oppilas edustaa&#46;&#46;&#46;<\/p>\n","protected":false},"author":2,"featured_media":0,"parent":0,"menu_order":0,"comment_status":"closed","ping_status":"closed","template":"","meta":{"ngg_post_thumbnail":0,"footnotes":""},"class_list":["post-16","page","type-page","status-publish","hentry"],"_links":{"self":[{"href":"https:\/\/www.vehkalahdenveikot.fi\/kll2021\/wp-json\/wp\/v2\/pages\/16","targetHints":{"allow":["GET"]}}],"collection":[{"href":"https:\/\/www.vehkalahdenveikot.fi\/kll2021\/wp-json\/wp\/v2\/pages"}],"about":[{"href":"https:\/\/www.vehkalahdenveikot.fi\/kll2021\/wp-json\/wp\/v2\/types\/page"}],"author":[{"embeddable":true,"href":"https:\/\/www.vehkalahdenveikot.fi\/kll2021\/wp-json\/wp\/v2\/users\/2"}],"replies":[{"embeddable":true,"href":"https:\/\/www.vehkalahdenveikot.fi\/kll2021\/wp-json\/wp\/v2\/comments?post=16"}],"version-history":[{"count":13,"href":"https:\/\/www.vehkalahdenveikot.fi\/kll2021\/wp-json\/wp\/v2\/pages\/16\/revisions"}],"predecessor-version":[{"id":143,"href":"https:\/\/www.vehkalahdenveikot.fi\/kll2021\/wp-json\/wp\/v2\/pages\/16\/revisions\/143"}],"wp:attachment":[{"href":"https:\/\/www.vehkalahdenveikot.fi\/kll2021\/wp-json\/wp\/v2\/media?parent=16"}],"curies":[{"name":"wp","href":"https:\/\/api.w.org\/{rel}","templated":true}]}}