{"id":157,"date":"2021-10-01T09:56:00","date_gmt":"2021-10-01T06:56:00","guid":{"rendered":"https:\/\/www.vehkalahdenveikot.fi\/kll2021\/?page_id=157"},"modified":"2021-10-11T23:29:34","modified_gmt":"2021-10-11T20:29:34","slug":"lahtolistat-ja-tulokset","status":"publish","type":"page","link":"https:\/\/www.vehkalahdenveikot.fi\/kll2021\/lahtolistat-ja-tulokset\/","title":{"rendered":"L\u00e4ht\u00f6listat ja tulokset"},"content":{"rendered":"\n<h2 class=\"wp-block-heading\">L\u00e4ht\u00f6listat<\/h2>\n\n\n\n<p><strong>Huom<\/strong>: Henkil\u00f6kohtaisen kilpailun Emit-numero- ja muista muutoksista tulee ilmoittaa torstai-iltaan 7.10.2021 menness\u00e4 osoitteeseen&nbsp;<a>timoharju@kymp.net<\/a>. Korjatut l\u00e4ht\u00f6luettelot julkaistaan torstaina noin klo 21.<\/p>\n\n\n\n<p>Viestiss\u00e4 Emit-numero rekister\u00f6id\u00e4\u00e4n juoksijan siirtyess\u00e4 l\u00e4ht\u00f6- ja vaihtoalueelle. <\/p>\n\n\n\n<h3 class=\"wp-block-heading\">Henkil\u00f6kohtainen kilpailu 8.10.2021<\/h3>\n\n\n\n<p>[luettelot on p\u00e4ivitetty 7.10. klo 20.50]<\/p>\n\n\n\n<p><a href=\"https:\/\/www.vehkalahdenveikot.fi\/kll2021\/wp-content\/uploads\/sites\/4\/2021\/10\/2021_KLL_llsar_h_2.html\" target=\"_blank\" rel=\"noreferrer noopener\">L\u00e4ht\u00f6luettelo sarjoittain<\/a><\/p>\n\n\n\n<p><a rel=\"noreferrer noopener\" href=\"https:\/\/www.vehkalahdenveikot.fi\/kll2021\/wp-content\/uploads\/sites\/4\/2021\/10\/2021_KLL_llseu_h_2.html\" target=\"_blank\">L\u00e4ht\u00f6luettelo kunnittain<\/a> <\/p>\n\n\n\n<p><\/p>\n\n\n\n<h3 class=\"wp-block-heading\">Viesti 9.10.2021<\/h3>\n\n\n\n<p><a rel=\"noreferrer noopener\" href=\"https:\/\/www.vehkalahdenveikot.fi\/kll2021\/wp-content\/uploads\/sites\/4\/2021\/10\/2021_KLL_llsar_v2.html\" target=\"_blank\">L\u00e4ht\u00f6luettelo sarjoittain, numeroj\u00e4rjestys<\/a> [p\u00e4ivitetty 8.10. klo 22.00]<\/p>\n\n\n\n<p><a href=\"https:\/\/www.vehkalahdenveikot.fi\/kll2021\/wp-content\/uploads\/sites\/4\/2021\/10\/2021_KLL_llsarA_v.html\" target=\"_blank\" rel=\"noreferrer noopener\">L\u00e4ht\u00f6luettelo sarjoittain, aakkosj\u00e4rjestys<\/a><\/p>\n\n\n\n<p><\/p>\n\n\n\n<h2 class=\"wp-block-heading\">Tulokset<\/h2>\n\n\n\n<p><a rel=\"noreferrer noopener\" href=\"https:\/\/online4.tulospalvelu.fi\/tulokset-new\/fi\/2021_kllh\/\" target=\"_blank\">Online-seuranta<\/a>, perjantain henkil\u00f6kohtainen kilpailu (ep\u00e4viralliset tulokset)<\/p>\n\n\n\n<p><a href=\"https:\/\/online4.tulospalvelu.fi\/tulokset-new\/fi\/2021_kllv\/\" target=\"_blank\" rel=\"noreferrer noopener\">Online-seuranta<\/a>, lauantain viesti<\/p>\n\n\n\n<p><\/p>\n\n\n\n<p><a href=\"https:\/\/www.vehkalahdenveikot.fi\/kll2021\/wp-content\/uploads\/sites\/4\/2021\/10\/2021_KLL_tu_h2.html\" target=\"_blank\" rel=\"noreferrer noopener\">Henkil\u00f6kohtainen kilpailu, tulokset<\/a><\/p>\n\n\n\n<p><a href=\"https:\/\/www.vehkalahdenveikot.fi\/kll2021\/wp-content\/uploads\/sites\/4\/2021\/10\/2021_KLL_va_h2.html\" target=\"_blank\" rel=\"noreferrer noopener\">Henkil\u00f6kohtainen kilpailu, rastiv\u00e4liajat<\/a><\/p>\n\n\n\n<p><\/p>\n\n\n\n<p><a href=\"https:\/\/www.vehkalahdenveikot.fi\/kll2021\/wp-content\/uploads\/sites\/4\/2021\/10\/Tulokset_2021_kllv_tu.html\" target=\"_blank\" rel=\"noreferrer noopener\">Viesti, tulokset<\/a><\/p>\n\n\n\n<p><a href=\"https:\/\/www.vehkalahdenveikot.fi\/kll2021\/wp-content\/uploads\/sites\/4\/2021\/10\/Tulokset_2021_kllv_va-1.html\" target=\"_blank\" rel=\"noreferrer noopener\">Viesti, rastiv\u00e4liajat<\/a><\/p>\n\n\n\n<h2 class=\"wp-block-heading\">Reittih\u00e4rveli<\/h2>\n\n\n\n<p><a href=\"https:\/\/vehkalahdenveikot.fi\/cgi-bin\/reitti.cgi?act=map&amp;id=128\" target=\"_blank\" rel=\"noreferrer noopener\">Henkil\u00f6kohtainen kilpailu<\/a><\/p>\n\n\n\n<p><a href=\"https:\/\/www.vehkalahdenveikot.fi\/cgi-bin\/reitti.cgi?act=map&amp;id=127\" target=\"_blank\" rel=\"noreferrer noopener\">Viesti<\/a><\/p>\n","protected":false},"excerpt":{"rendered":"<p>L\u00e4ht\u00f6listat Huom: Henkil\u00f6kohtaisen kilpailun Emit-numero- ja muista muutoksista tulee ilmoittaa torstai-iltaan 7.10.2021 menness\u00e4 osoitteeseen&nbsp;timoharju@kymp.net. Korjatut l\u00e4ht\u00f6luettelot julkaistaan torstaina noin klo 21. Viestiss\u00e4 Emit-numero rekister\u00f6id\u00e4\u00e4n juoksijan siirtyess\u00e4 l\u00e4ht\u00f6- ja vaihtoalueelle. Henkil\u00f6kohtainen kilpailu 8.10.2021 [luettelot on&#46;&#46;&#46;<\/p>\n","protected":false},"author":2,"featured_media":0,"parent":0,"menu_order":0,"comment_status":"closed","ping_status":"closed","template":"","meta":{"ngg_post_thumbnail":0,"footnotes":""},"class_list":["post-157","page","type-page","status-publish","hentry"],"_links":{"self":[{"href":"https:\/\/www.vehkalahdenveikot.fi\/kll2021\/wp-json\/wp\/v2\/pages\/157","targetHints":{"allow":["GET"]}}],"collection":[{"href":"https:\/\/www.vehkalahdenveikot.fi\/kll2021\/wp-json\/wp\/v2\/pages"}],"about":[{"href":"https:\/\/www.vehkalahdenveikot.fi\/kll2021\/wp-json\/wp\/v2\/types\/page"}],"author":[{"embeddable":true,"href":"https:\/\/www.vehkalahdenveikot.fi\/kll2021\/wp-json\/wp\/v2\/users\/2"}],"replies":[{"embeddable":true,"href":"https:\/\/www.vehkalahdenveikot.fi\/kll2021\/wp-json\/wp\/v2\/comments?post=157"}],"version-history":[{"count":16,"href":"https:\/\/www.vehkalahdenveikot.fi\/kll2021\/wp-json\/wp\/v2\/pages\/157\/revisions"}],"predecessor-version":[{"id":316,"href":"https:\/\/www.vehkalahdenveikot.fi\/kll2021\/wp-json\/wp\/v2\/pages\/157\/revisions\/316"}],"wp:attachment":[{"href":"https:\/\/www.vehkalahdenveikot.fi\/kll2021\/wp-json\/wp\/v2\/media?parent=157"}],"curies":[{"name":"wp","href":"https:\/\/api.w.org\/{rel}","templated":true}]}}